{"id":11347,"date":"2020-06-29T11:37:26","date_gmt":"2020-06-29T09:37:26","guid":{"rendered":"http:\/\/bigler-lacke.swiss\/?page_id=11347"},"modified":"2025-12-23T09:40:46","modified_gmt":"2025-12-23T08:40:46","slug":"a-propos-de-nous","status":"publish","type":"page","link":"https:\/\/bigler-lacke.swiss\/fr\/a-propos-de-nous\/","title":{"rendered":"\u00c0 propos de nous"},"content":{"rendered":"<div class=\"row\"  id=\"row-1502735566\">\n\n\t<div id=\"col-589235061\" class=\"col small-12 large-12\"  >\n\t\t\t\t<div class=\"col-inner\"  >\n\t\t\t\n\t\t\t\n\t<div class=\"img has-hover x md-x lg-x y md-y lg-y\" id=\"image_1818029336\">\n\t\t\t\t\t\t\t\t<div class=\"img-inner dark\" >\n\t\t\t<img decoding=\"async\" width=\"690\" height=\"213\" data-src=\"https:\/\/bigler-lacke.swiss\/wp-content\/uploads\/2020\/04\/Fabrik_Bigler_AG.jpg\" class=\"attachment-original size-original lazyload\" alt=\"\" data-srcset=\"https:\/\/bigler-lacke.swiss\/wp-content\/uploads\/2020\/04\/Fabrik_Bigler_AG.jpg 690w, https:\/\/bigler-lacke.swiss\/wp-content\/uploads\/2020\/04\/Fabrik_Bigler_AG-600x185.jpg 600w\" data-sizes=\"(max-width: 690px) 100vw, 690px\" src=\"data:image\/svg+xml;base64,PHN2ZyB3aWR0aD0iMSIgaGVpZ2h0PSIxIiB4bWxucz0iaHR0cDovL3d3dy53My5vcmcvMjAwMC9zdmciPjwvc3ZnPg==\" style=\"--smush-placeholder-width: 690px; --smush-placeholder-aspect-ratio: 690\/213;\" \/>\t\t\t\t\t\t\n\t\t\t\t\t<\/div>\n\t\t\t\t\t\t\t\t\n<style>\n#image_1818029336 {\n  width: 100%;\n}\n<\/style>\n\t<\/div>\n\t\n<h3>Nous sommes sp\u00e9cialis\u00e9s<\/h3>\n<p>dans les applications de pose et d&rsquo;entretien des sols en bois et en li\u00e8ge et proposons une s\u00e9lection de produits fiables. Vous trouverez la gamme de produits actuelle ici:<\/p>\n<a href=\"http:\/\/bigler-lacke.swiss\/shop\/\" class=\"button primary expand\" >\n\t\t<span>notre gamme de produits<\/span>\n\t<\/a>\n\n<h3>Vente directe<\/h3>\n<p>Nous attachons une grande importance au conseil d&rsquo;experts et distribuons nos produits dans toute la Suisse avec des repr\u00e9sentants commerciaux qualifi\u00e9s. Ils se tiennent \u00e0 votre disposition pour un conseil d\u00e9taill\u00e9 sur nos produits.<\/p>\n<a href=\"http:\/\/bigler-lacke.swiss\/vertrieb\/\" class=\"button primary expand\" >\n\t\t<span>R\u00e9gions de vente<\/span>\n\t<\/a>\n\n<h3>Commandes &amp; livraisons<\/h3>\n<p>Les commandes peuvent \u00eatre pass\u00e9es directement aupr\u00e8s de nos repr\u00e9sentants commerciaux ou \u00e0 notre si\u00e8ge \u00e0 Lyss. Nous acceptons les commandes par t\u00e9l\u00e9phone et par voie \u00e9lectronique.<\/p>\n<p style=\"text-align: center;\"><strong>Les commandes qui nous parviennent avant 12 heures seront exp\u00e9di\u00e9es le jour m\u00eame.<\/strong><\/p>\n<p>\u00c0 partir d&rsquo;une valeur de marchandise de CHF 600,&#8211; (hors TVA et droits de douane), nous livrons gratuitement!<\/p>\n<div class=\"text-center\"><div class=\"is-divider divider clearfix\" style=\"max-width:100%;background-color:rgb(233, 209, 14);\"><\/div><\/div>\n<h2>Notre histoire<\/h2>\n<p><strong>2026<\/strong><\/p>\n<p><a href=\"https:\/\/bigler-lacke.swiss\/fr\/nouvelle-identite\/\">Nouveau territoire de marque<\/a> : Bigler affirme son identit\u00e9 et se repositionne pour r\u00e9pondre aux attentes de son march\u00e9, tout en restant fid\u00e8le \u00e0 ses valeurs.<\/p>\n<p><strong>2022<\/strong><\/p>\n<p>Reprise des actions par le groupe Blanchon. M. Guillaume Cl\u00e9mentest (CEO groupe Blanchon) nomm\u00e9 pr\u00e9sident du conseil d&rsquo;administration , Adrian et Reto Bigler continuent \u00e0 g\u00e9rer les affaires comme jusqu&rsquo;\u00e0 pr\u00e9sent.<\/p>\n<p><strong>2020<br \/><\/strong>Pr\u00e9sentation du nouveau produit \u00ab\u00a0<a href=\"http:\/\/bigler-lacke.swiss\/fr\/produit\/bigler-sealeronly-h2o-plus\/\">SealerOnly Plus<\/a>\u00ab\u00a0, un vernis \u00e9prouv\u00e9 EC1PLUS sans couche de fond.<br \/>Le <a href=\"https:\/\/www.emicode.com\/siegelkategorien\/\" target=\"_blank\" rel=\"noopener noreferrer\">label EMICODE<sup>\u00ae<\/sup>EC1PLUS<\/a> est la classe premium d\u00e9crivant les limites du techniquement r\u00e9alisable.<\/p>\n<p>Orientation de l&rsquo;entreprise vers les \u00abnouveaux m\u00e9dias\u00bb:<br \/>Pr\u00e9sentation claire en ligne de toute la gamme de production et de commerce ainsi que r\u00e9vision de l&rsquo;identit\u00e9 visuelle de l&rsquo;entreprise.<\/p>\n<p><strong>2013<br \/><\/strong>Pr\u00e9sentation du premier vernis r\u00e9compens\u00e9 par le label EMICODE<sup>\u00ae<\/sup>EC-1<br \/>\u00ab\u00a0<a href=\"http:\/\/bigler-lacke.swiss\/fr\/produit\/lytec-steel\/\">LytecSteel<\/a>\u00ab\u00a0, \u00ab\u00a0<a href=\"http:\/\/bigler-lacke.swiss\/fr\/produit\/lytec-titan\/\">LytecTitan<\/a>\u00a0\u00bb et \u00ab\u00a0<a href=\"http:\/\/bigler-lacke.swiss\/fr\/produit\/multisealer-h2o\/\">MultiSealer<\/a>\u00ab\u00a0.<\/p>\n<p><strong>2012<\/strong><\/p>\n<p>Adh\u00e9sion \u00e0 <a href=\"https:\/\/www.emicode.com\" target=\"_blank\" rel=\"noopener noreferrer\">GEV Les produits prim\u00e9s EMICODE\u00ae<\/a><br \/>EMICODE\u00ae affichent de tr\u00e8s faibles \u00e9missions, respectent les limites les plus strictes et sont soumis \u00e0 un contr\u00f4le permanent et ind\u00e9pendant.<\/p>\n<p><strong>2008 <\/strong><br \/><span style=\"font-size: 14.4px;\">Les fils Reto et Adrian reprennent l\u2019entreprise.<br \/><\/span><\/p>\n<p><strong>2003<\/strong><br \/><span style=\"font-size: 14.4px;\"> Extension de la gamme de produits par la reprise de l&rsquo;agence g\u00e9n\u00e9rale CH des produits KIESEL. Kiesel Bauchemie GmbH, Esslingen, est une entreprise familiale de taille moyenne, comme Bigler AG Lacke und Leime, dirig\u00e9e par la troisi\u00e8me g\u00e9n\u00e9ration.<\/span><\/p>\n<p><strong>2002 <\/strong><br \/><span style=\"font-size: 14.4px;\">Changement de nom en \u00abBigler AG Lacke und Leime\u00bb.<\/span><\/p>\n<p><strong>2000 <\/strong><br \/>Une \u00e9tape importante dans l&rsquo;histoire des rev\u00eatements de parquet sur le march\u00e9: Le premier vernis aqueux n\u2019ayant plus besoin de couche de fond est pr\u00e9sent\u00e9: SealerOnly.<\/p>\n<p><strong>1996 <\/strong><br \/><span style=\"font-size: 14.4px;\">Arriv\u00e9e d\u2019Adrian Bigler (3\u00e8me g\u00e9n\u00e9ration), 2\u00e8me fils de Martin Bigler, laborantin en chimie.<\/span><\/p>\n<p><strong>1991<br \/><\/strong> Arriv\u00e9e de Reto Bigler (3\u00e8me g\u00e9n\u00e9ration), 1er fils de Martin Bigler, commercial.<\/p>\n<p><strong>Ann\u00e9es 70<\/strong><br \/><span style=\"font-size: 14.4px;\">Pr\u00e9sentation du premier vernis aqueux pour parquets \u00ab\u00a0<a href=\"http:\/\/bigler-lacke.swiss\/fr\/produit\/lyssolen-i-ii-semi-mat\/\">Lyssolen<\/a>\u201c.<\/span><\/p>\n<p><strong>1950 <\/strong><br \/><span style=\"font-size: 14.4px;\">Changement de la forme juridique en \u00abRud. Bigler AG, Chemische Produkte\u00bb. <\/span><\/p>\n<p><strong>1966 <\/strong><br \/>Arriv\u00e9e dans l\u2019entreprise de Martin, fils de Rudolf Bigler.<br \/>Martin Bigler est toujours actif dans l&rsquo;entreprise aujourd&rsquo;hui en tant que pr\u00e9sident du conseil d&rsquo;administration et dans le d\u00e9veloppement de produits.<\/p>\n<p>Concentration strat\u00e9gique sur les produits pour l&rsquo;industrie du bois et les parquets.<\/p>\n<p><strong>1940<br \/><\/strong><span style=\"font-size: 14.4px;\">La gamme de produits a \u00e9t\u00e9 \u00e9largie avec \u201e<a href=\"http:\/\/bigler-lacke.swiss\/fr\/produit\/soude-cristallisee\/\">Kristallsoda<\/a>\u201c, un nettoyant fortement d\u00e9graissant. Nous proposons aujourd\u2019hui encore ce classique dans notre gamme de produits!<\/span><\/p>\n<p><strong>1934 <\/strong><br \/><span style=\"font-size: 14.4px;\">Rudolf Bigler a fond\u00e9 une usine \u00e0 Lyss pour la production de produits de nettoyage, de savon doux et de cire pour sols sous le nom de Rudolf E. Bigler.<\/span><\/p>\n\t\t<\/div>\n\t\t\t\t\t<\/div>\n\n\t\n<\/div>\n","protected":false},"excerpt":{"rendered":"","protected":false},"author":1,"featured_media":0,"parent":0,"menu_order":0,"comment_status":"closed","ping_status":"closed","template":"","meta":{"_acf_changed":false,"footnotes":"","_links_to":"","_links_to_target":""},"class_list":["post-11347","page","type-page","status-publish","hentry"],"acf":[],"_links":{"self":[{"href":"https:\/\/bigler-lacke.swiss\/fr\/wp-json\/wp\/v2\/pages\/11347","targetHints":{"allow":["GET"]}}],"collection":[{"href":"https:\/\/bigler-lacke.swiss\/fr\/wp-json\/wp\/v2\/pages"}],"about":[{"href":"https:\/\/bigler-lacke.swiss\/fr\/wp-json\/wp\/v2\/types\/page"}],"author":[{"embeddable":true,"href":"https:\/\/bigler-lacke.swiss\/fr\/wp-json\/wp\/v2\/users\/1"}],"replies":[{"embeddable":true,"href":"https:\/\/bigler-lacke.swiss\/fr\/wp-json\/wp\/v2\/comments?post=11347"}],"version-history":[{"count":6,"href":"https:\/\/bigler-lacke.swiss\/fr\/wp-json\/wp\/v2\/pages\/11347\/revisions"}],"predecessor-version":[{"id":23490,"href":"https:\/\/bigler-lacke.swiss\/fr\/wp-json\/wp\/v2\/pages\/11347\/revisions\/23490"}],"wp:attachment":[{"href":"https:\/\/bigler-lacke.swiss\/fr\/wp-json\/wp\/v2\/media?parent=11347"}],"curies":[{"name":"wp","href":"https:\/\/api.w.org\/{rel}","templated":true}]}}