{"id":19102,"date":"2020-09-01T06:32:21","date_gmt":"2020-09-01T04:32:21","guid":{"rendered":"http:\/\/bigler-lacke.swiss\/product\/lytec-titan\/"},"modified":"2026-03-27T08:32:28","modified_gmt":"2026-03-27T07:32:28","slug":"lytec","status":"publish","type":"product","link":"https:\/\/bigler-lacke.swiss\/fr\/produit\/lytec\/","title":{"rendered":"BIGLER Lytec"},"content":{"rendered":"<p><strong>Lytec<\/strong><\/p>\n<p>Lytec est un vernis aqueux pour parquet \u00e0 2 composants \u00e0 base de polyur\u00e9thane pour les parquets d\u2019int\u00e9rieur et les planchers en bois. Convient \u00e9galement tr\u00e8s bien aux sols en li\u00e8ge! Lytec est particuli\u00e8rement adapt\u00e9 aux surfaces sollicit\u00e9es, gr\u00e2ce \u00e0 une tr\u00e8s bonne r\u00e9sistance \u00e0 l\u2019abrasion et aux produits chimiques. En raison de son extr\u00eame robustesse et de sa flexibilit\u00e9, il convient aussi parfaitement \u00e0 la vitrification des sols en li\u00e8ge de toutes sortes. Lytec est un vernis \u00e0 2 composants qui n\u00e9cessite l\u2019ajout du durcisseur Bigler. En raison de son fort collage lat\u00e9ral, ce vernis doit toujours \u00eatre pr\u00e9c\u00e9d\u00e9 d&rsquo;une couche de fond !<\/p>\n","protected":false},"excerpt":{"rendered":"<ul>\n<li>Vernis pour parquet aqueux \u00e0 2 composants pour les parquets d\u2019int\u00e9rieur fortement sollicit\u00e9es.<\/li>\n<li>Pr\u00e9serve la couleur du bois<\/li>\n<li>M\u00e9lange durcisseur : 4,5:0,5<\/li>\n<li>2h30: S\u00e9chage rapide<\/li>\n<li>10m2\/L par couche<\/li>\n<li>2 couches sur Exolen ou Exolen sp\u00e9cial<\/li>\n<\/ul>\n","protected":false},"featured_media":23650,"template":"","meta":{"_acf_changed":false,"_links_to":"","_links_to_target":""},"product_brand":[],"product_cat":[476],"product_tag":[905,458,459],"class_list":{"0":"post-19102","1":"product","2":"type-product","3":"status-publish","4":"has-post-thumbnail","6":"product_cat-laque-pour-parquet","7":"product_tag-tout-en-un-coup-d-oeil","8":"product_tag-bi-5-5-fr","9":"product_tag-bigler-fr","10":"pa_gebinde-5l-2","11":"pa_glanzstufe-matt-fr","12":"pa_glanzstufe-semi-mat","14":"first","15":"instock","16":"product-type-variable"},"acf":[],"_links":{"self":[{"href":"https:\/\/bigler-lacke.swiss\/fr\/wp-json\/wp\/v2\/product\/19102","targetHints":{"allow":["GET"]}}],"collection":[{"href":"https:\/\/bigler-lacke.swiss\/fr\/wp-json\/wp\/v2\/product"}],"about":[{"href":"https:\/\/bigler-lacke.swiss\/fr\/wp-json\/wp\/v2\/types\/product"}],"wp:featuredmedia":[{"embeddable":true,"href":"https:\/\/bigler-lacke.swiss\/fr\/wp-json\/wp\/v2\/media\/23650"}],"wp:attachment":[{"href":"https:\/\/bigler-lacke.swiss\/fr\/wp-json\/wp\/v2\/media?parent=19102"}],"wp:term":[{"taxonomy":"product_brand","embeddable":true,"href":"https:\/\/bigler-lacke.swiss\/fr\/wp-json\/wp\/v2\/product_brand?post=19102"},{"taxonomy":"product_cat","embeddable":true,"href":"https:\/\/bigler-lacke.swiss\/fr\/wp-json\/wp\/v2\/product_cat?post=19102"},{"taxonomy":"product_tag","embeddable":true,"href":"https:\/\/bigler-lacke.swiss\/fr\/wp-json\/wp\/v2\/product_tag?post=19102"}],"curies":[{"name":"wp","href":"https:\/\/api.w.org\/{rel}","templated":true}]}}